{"id":2728,"date":"2023-02-02T10:58:48","date_gmt":"2023-02-02T09:58:48","guid":{"rendered":"https:\/\/www.hotel-weisseslamm.de\/?page_id=2728"},"modified":"2026-04-22T11:54:42","modified_gmt":"2026-04-22T09:54:42","slug":"aktuelles","status":"publish","type":"page","link":"https:\/\/www.hotel-weisseslamm.de\/en\/aktuelles\/","title":{"rendered":"News"},"content":{"rendered":"<div data-elementor-type=\"wp-page\" data-elementor-id=\"2728\" class=\"elementor elementor-2728\" data-elementor-post-type=\"page\">\n\t\t\t\t\t\t<section class=\"elementor-section elementor-top-section elementor-element elementor-element-6a4751c elementor-section-full_width elementor-section-height-default elementor-section-height-default\" data-id=\"6a4751c\" data-element_type=\"section\" data-e-type=\"section\" data-settings=\"{&quot;background_background&quot;:&quot;classic&quot;}\">\n\t\t\t\t\t\t\t<div class=\"elementor-background-overlay\"><\/div>\n\t\t\t\t\t\t\t<div class=\"elementor-container elementor-column-gap-default\">\n\t\t\t\t\t<div class=\"elementor-column elementor-col-100 elementor-top-column elementor-element elementor-element-376c4929\" data-id=\"376c4929\" data-element_type=\"column\" data-e-type=\"column\" data-settings=\"{&quot;background_background&quot;:&quot;classic&quot;}\">\n\t\t\t<div class=\"elementor-widget-wrap elementor-element-populated\">\n\t\t\t\t\t<div class=\"elementor-background-overlay\"><\/div>\n\t\t\t\t\t\t<div class=\"elementor-element elementor-element-11a24fef elementor--h-position-center elementor--v-position-middle elementor-arrows-position-inside elementor-pagination-position-inside elementor-widget elementor-widget-slides\" data-id=\"11a24fef\" data-element_type=\"widget\" data-e-type=\"widget\" data-settings=\"{&quot;autoplay_speed&quot;:3500,&quot;transition&quot;:&quot;fade&quot;,&quot;transition_speed&quot;:2500,&quot;navigation&quot;:&quot;both&quot;,&quot;autoplay&quot;:&quot;yes&quot;,&quot;infinite&quot;:&quot;yes&quot;}\" data-widget_type=\"slides.default\">\n\t\t\t\t<div class=\"elementor-widget-container\">\n\t\t\t\t\t\t\t\t\t<div class=\"elementor-swiper\">\n\t\t\t\t\t<div class=\"elementor-slides-wrapper elementor-main-swiper swiper\" role=\"region\" aria-roledescription=\"carousel\" aria-label=\"Slider\" dir=\"ltr\" data-animation=\"fadeInUp\">\n\t\t\t\t<div class=\"swiper-wrapper elementor-slides\">\n\t\t\t\t\t\t\t\t\t\t<div class=\"elementor-repeater-item-9cb9f26 swiper-slide\" role=\"group\" aria-roledescription=\"slide\"><div class=\"swiper-slide-bg\" role=\"img\" aria-label=\"weisses-lamm-hotel1\"><\/div><div class=\"swiper-slide-inner\" ><div class=\"swiper-slide-contents\"><\/div><\/div><\/div><div class=\"elementor-repeater-item-1cae352 swiper-slide\" role=\"group\" aria-roledescription=\"slide\"><div class=\"swiper-slide-bg\" role=\"img\" aria-label=\"weisses-lamm-hotel6\"><\/div><div class=\"swiper-slide-inner\" ><div class=\"swiper-slide-contents\"><\/div><\/div><\/div><div class=\"elementor-repeater-item-623d784 swiper-slide\" role=\"group\" aria-roledescription=\"slide\"><div class=\"swiper-slide-bg\" role=\"img\" aria-label=\"weisses-lamm-hotel3\"><\/div><div class=\"swiper-slide-inner\" ><div class=\"swiper-slide-contents\"><\/div><\/div><\/div><div class=\"elementor-repeater-item-0ce6ddb swiper-slide\" role=\"group\" aria-roledescription=\"slide\"><div class=\"swiper-slide-bg\" role=\"img\" aria-label=\"weisses-lamm-gasthof7\"><\/div><div class=\"swiper-slide-inner\" ><div class=\"swiper-slide-contents\"><\/div><\/div><\/div>\t\t\t\t<\/div>\n\t\t\t\t\t\t\t\t\t\t\t\t\t\t\t<div class=\"elementor-swiper-button elementor-swiper-button-prev\" role=\"button\" tabindex=\"0\" aria-label=\"Vorheriger Slide\">\n\t\t\t\t\t\t\t<i aria-hidden=\"true\" class=\"eicon-chevron-left\"><\/i>\t\t\t\t\t\t<\/div>\n\t\t\t\t\t\t<div class=\"elementor-swiper-button elementor-swiper-button-next\" role=\"button\" tabindex=\"0\" aria-label=\"N\u00e4chster Slide\">\n\t\t\t\t\t\t\t<i aria-hidden=\"true\" class=\"eicon-chevron-right\"><\/i>\t\t\t\t\t\t<\/div>\n\t\t\t\t\t\t\t\t\t\t\t\t\t\t\t\t<div class=\"swiper-pagination\"><\/div>\n\t\t\t\t\t\t\t\t\t\t\t\t<\/div>\n\t\t\t\t<\/div>\n\t\t\t\t\t\t\t\t<\/div>\n\t\t\t\t<\/div>\n\t\t\t\t\t<\/div>\n\t\t<\/div>\n\t\t\t\t\t<\/div>\n\t\t<\/section>\n\t\t\t\t<section class=\"elementor-section elementor-top-section elementor-element elementor-element-5359c55 elementor-section-boxed elementor-section-height-default elementor-section-height-default\" data-id=\"5359c55\" data-element_type=\"section\" data-e-type=\"section\">\n\t\t\t\t\t\t<div class=\"elementor-container elementor-column-gap-default\">\n\t\t\t\t\t<div class=\"elementor-column elementor-col-100 elementor-top-column elementor-element elementor-element-c5844a1\" data-id=\"c5844a1\" data-element_type=\"column\" data-e-type=\"column\">\n\t\t\t<div class=\"elementor-widget-wrap elementor-element-populated\">\n\t\t\t\t\t\t<div class=\"elementor-element elementor-element-df2d40e elementor-widget elementor-widget-text-editor\" data-id=\"df2d40e\" data-element_type=\"widget\" data-e-type=\"widget\" data-settings=\"{&quot;_animation&quot;:&quot;none&quot;}\" data-widget_type=\"text-editor.default\">\n\t\t\t\t<div class=\"elementor-widget-container\">\n\t\t\t\t\t\t\t\t\t<h2>Unsere \u00d6ffnungszeiten und K\u00fcchenzeiten f\u00fcr Sie im \u00dcberblick<\/h2>\t\t\t\t\t\t\t\t<\/div>\n\t\t\t\t<\/div>\n\t\t\t\t<div class=\"elementor-element elementor-element-4079607 elementor-widget elementor-widget-text-editor\" data-id=\"4079607\" data-element_type=\"widget\" data-e-type=\"widget\" data-widget_type=\"text-editor.default\">\n\t\t\t\t<div class=\"elementor-widget-container\">\n\t\t\t\t\t\t\t\t\t<p><strong><span style=\"color: #ff0000;\">HINWEIS<\/span>: Unsere \u00d6ffnungszeiten k\u00f6nnen aufgrund von Feiertagen, Urlauben oder Schlie\u00dftagen abweichen. Bitte hierzu gerne unter &#8222;Aktuelles&#8220; Ihren Wunschtermin nachsehen oder bei Ihrer telefonischen Reservierung erfragen.<\/strong><\/p><p><span style=\"color: #ff0000;\">Wir empfehlen Ihnen jeden Besuch bei uns (gerne auch kurzfristig) telefonisch vorzureservieren!<\/span><\/p><p><strong>Montag<\/strong> f\u00fcr Hausg\u00e4ste oder mit Reservierung 18-22 Uhr (K\u00fcche bis 20 Uhr)<\/p><p><strong>Tuesday<\/strong> 18-22 Uhr (K\u00fcche bis 20.30 Uhr)<\/p><p><span style=\"color: #000000;\"><strong>Wednesday<\/strong> 11.30 &#8211; 14 Uhr <\/span>und von 18-22 Uhr (K\u00fcche bis 20.30 Uhr)<\/p><p><strong>Thursday<\/strong> ganzt\u00e4gig geschlossen<\/p><p><strong>Friday<\/strong> 17-24 Uhr (K\u00fcche bis 21 Uhr)<\/p><p><strong>Samstag<\/strong> ganzt\u00e4gig ge\u00f6ffnet mit K\u00fcche von 11.30 bis 14 Uhr und von 17.00 bis 21 Uhr<\/p><p><strong>Sonntag<\/strong> ganzt\u00e4gig ge\u00f6ffnet mit K\u00fcche von 11.30 bis 14 Uhr und von 17.15 bis 20.00 Uhr<\/p>\t\t\t\t\t\t\t\t<\/div>\n\t\t\t\t<\/div>\n\t\t\t\t<div class=\"elementor-element elementor-element-0840360 elementor-widget elementor-widget-text-editor\" data-id=\"0840360\" data-element_type=\"widget\" data-e-type=\"widget\" data-widget_type=\"text-editor.default\">\n\t\t\t\t<div class=\"elementor-widget-container\">\n\t\t\t\t\t\t\t\t\t<p><span style=\"color: #ff0000;\"><strong>BITTE BEACHTEN SIE:<\/strong><\/span><\/p><p><span style=\"color: #ff0000;\"> Aufgrund der Baustelle zwischen Gersdorf und Gersberg, sind wir von der Autobahn Ausfahrt Altdorf kommend nur \u00fcber die Umleitung \u00fcber die Landstra\u00dfe \u00fcber Kucha zu erreichen (hier Beschilderung folgen).\u00a0<\/span><\/p><p><span style=\"color: #ff0000;\">Nutzen Sie von N\u00fcrnberg kommend daher gerne die A9 und die Ausfahrt Lauf\/Hersbruck.\u00a0<\/span><\/p>\t\t\t\t\t\t\t\t<\/div>\n\t\t\t\t<\/div>\n\t\t\t\t<div class=\"elementor-element elementor-element-ed228d8 elementor-widget-divider--view-line elementor-widget elementor-widget-divider\" data-id=\"ed228d8\" data-element_type=\"widget\" data-e-type=\"widget\" data-widget_type=\"divider.default\">\n\t\t\t\t<div class=\"elementor-widget-container\">\n\t\t\t\t\t\t\t<div class=\"elementor-divider\">\n\t\t\t<span class=\"elementor-divider-separator\">\n\t\t\t\t\t\t<\/span>\n\t\t<\/div>\n\t\t\t\t\t\t<\/div>\n\t\t\t\t<\/div>\n\t\t\t\t\t<\/div>\n\t\t<\/div>\n\t\t\t\t\t<\/div>\n\t\t<\/section>\n\t\t\t\t<section class=\"elementor-section elementor-top-section elementor-element elementor-element-d7cbd7 elementor-section-boxed elementor-section-height-default elementor-section-height-default\" data-id=\"d7cbd7\" data-element_type=\"section\" data-e-type=\"section\">\n\t\t\t\t\t\t<div class=\"elementor-container elementor-column-gap-default\">\n\t\t\t\t\t<div class=\"elementor-column elementor-col-100 elementor-top-column elementor-element elementor-element-7c8fd670\" data-id=\"7c8fd670\" data-element_type=\"column\" data-e-type=\"column\">\n\t\t\t<div class=\"elementor-widget-wrap elementor-element-populated\">\n\t\t\t\t\t\t<div class=\"elementor-element elementor-element-09c8386 elementor-widget elementor-widget-text-editor\" data-id=\"09c8386\" data-element_type=\"widget\" data-e-type=\"widget\" data-settings=\"{&quot;_animation&quot;:&quot;none&quot;}\" data-widget_type=\"text-editor.default\">\n\t\t\t\t<div class=\"elementor-widget-container\">\n\t\t\t\t\t\t\t\t\t<h1>Our current events<\/h1>\t\t\t\t\t\t\t\t<\/div>\n\t\t\t\t<\/div>\n\t\t\t\t<section class=\"elementor-section elementor-inner-section elementor-element elementor-element-3f94d3e elementor-section-boxed elementor-section-height-default elementor-section-height-default\" data-id=\"3f94d3e\" data-element_type=\"section\" data-e-type=\"section\">\n\t\t\t\t\t\t<div class=\"elementor-container elementor-column-gap-default\">\n\t\t\t\t\t<div class=\"elementor-column elementor-col-100 elementor-inner-column elementor-element elementor-element-5ac697a0\" data-id=\"5ac697a0\" data-element_type=\"column\" data-e-type=\"column\">\n\t\t\t<div class=\"elementor-widget-wrap elementor-element-populated\">\n\t\t\t\t\t\t<div class=\"elementor-element elementor-element-68623f8b elementor-widget elementor-widget-text-editor\" data-id=\"68623f8b\" data-element_type=\"widget\" data-e-type=\"widget\" data-widget_type=\"text-editor.default\">\n\t\t\t\t<div class=\"elementor-widget-container\">\n\t\t\t\t\t\t\t\t\t<p>We are also happy to organize your celebrations and parties of any kind and size according to your individual wishes. In addition to the restaurant with 60 seats, our \"Fichtenstube\" with 50 seats and the \"Leipold-St\u00fcbchen\" with 35 seats, you can use our\u00a0<a href=\"https:\/\/www.hotel-weisseslamm.de\/en\/festlichkeiten\/\"><b>stylish<\/b><b>ballroom<\/b><\/a>\u00a0available.<\/p><p>The right place for special moments<\/p><p>delicate &amp; stylish<br \/>... the ambience in the whole house<\/p><p>passionate &amp; rooted<br \/>... the host family with employees with passion<\/p>\t\t\t\t\t\t\t\t<\/div>\n\t\t\t\t<\/div>\n\t\t\t\t\t<\/div>\n\t\t<\/div>\n\t\t\t\t\t<\/div>\n\t\t<\/section>\n\t\t\t\t\t<\/div>\n\t\t<\/div>\n\t\t\t\t\t<\/div>\n\t\t<\/section>\n\t\t\t\t<section class=\"elementor-section elementor-top-section elementor-element elementor-element-4fe2f94 elementor-section-full_width elementor-section-height-default elementor-section-height-default\" data-id=\"4fe2f94\" data-element_type=\"section\" data-e-type=\"section\">\n\t\t\t\t\t\t<div class=\"elementor-container elementor-column-gap-default\">\n\t\t\t\t\t<div class=\"elementor-column elementor-col-100 elementor-top-column elementor-element elementor-element-e9deccd\" data-id=\"e9deccd\" data-element_type=\"column\" data-e-type=\"column\">\n\t\t\t<div class=\"elementor-widget-wrap elementor-element-populated\">\n\t\t\t\t\t\t<section class=\"elementor-section elementor-inner-section elementor-element elementor-element-021eb07 elementor-section-boxed elementor-section-height-default elementor-section-height-default\" data-id=\"021eb07\" data-element_type=\"section\" data-e-type=\"section\" data-settings=\"{&quot;background_background&quot;:&quot;classic&quot;}\">\n\t\t\t\t\t\t<div class=\"elementor-container elementor-column-gap-default\">\n\t\t\t\t\t<div class=\"elementor-column elementor-col-100 elementor-inner-column elementor-element elementor-element-adcd5a3\" data-id=\"adcd5a3\" data-element_type=\"column\" data-e-type=\"column\">\n\t\t\t<div class=\"elementor-widget-wrap elementor-element-populated\">\n\t\t\t\t\t\t<div class=\"elementor-element elementor-element-d9e6ba5 elementor-widget elementor-widget-text-editor\" data-id=\"d9e6ba5\" data-element_type=\"widget\" data-e-type=\"widget\" data-settings=\"{&quot;_animation&quot;:&quot;none&quot;}\" data-widget_type=\"text-editor.default\">\n\t\t\t\t<div class=\"elementor-widget-container\">\n\t\t\t\t\t\t\t\t\t<h2><a href=\"https:\/\/www.ardmediathek.de\/video\/landgasthaeuser\/fraenkische-weihnacht\/br\/Y3JpZDovL2JyLmRlL2Jyb2FkY2FzdC9GMjAyNFdPMDA4NzA2QTA\">Wir im BR<\/a><\/h2>\t\t\t\t\t\t\t\t<\/div>\n\t\t\t\t<\/div>\n\t\t\t\t\t<\/div>\n\t\t<\/div>\n\t\t\t\t\t<\/div>\n\t\t<\/section>\n\t\t\t\t<section class=\"elementor-section elementor-inner-section elementor-element elementor-element-e67a445 elementor-section-boxed elementor-section-height-default elementor-section-height-default\" data-id=\"e67a445\" data-element_type=\"section\" data-e-type=\"section\">\n\t\t\t\t\t\t<div class=\"elementor-container elementor-column-gap-default\">\n\t\t\t\t\t<div class=\"elementor-column elementor-col-100 elementor-inner-column elementor-element elementor-element-d6caf34\" data-id=\"d6caf34\" data-element_type=\"column\" data-e-type=\"column\">\n\t\t\t<div class=\"elementor-widget-wrap elementor-element-populated\">\n\t\t\t\t\t\t<div class=\"elementor-element elementor-element-231c319 elementor-widget elementor-widget-text-editor\" data-id=\"231c319\" data-element_type=\"widget\" data-e-type=\"widget\" data-widget_type=\"text-editor.default\">\n\t\t\t\t<div class=\"elementor-widget-container\">\n\t\t\t\t\t\t\t\t\t<p><a href=\"https:\/\/www.ardmediathek.de\/video\/landgasthaeuser\/fraenkische-weihnacht\/br\/Y3JpZDovL2JyLmRlL2Jyb2FkY2FzdC9GMjAyNFdPMDA4NzA2QTA\"><b>Im Dezember 2024 wurde die Folge &#8222;Fr\u00e4nkische Weihnacht&#8220; des Formates &#8222;Landgasth\u00e4user&#8220; im Bayerischen Rundfunk ausgestrahlt. Wir durften hier mitwirken und Ihnen unser Haus &#8222;von der weihnachtlichen Seite&#8220; zeigen <\/b><\/a><\/p><p><a href=\"https:\/\/www.ardmediathek.de\/video\/landgasthaeuser\/fraenkische-weihnacht\/br\/Y3JpZDovL2JyLmRlL2Jyb2FkY2FzdC9GMjAyNFdPMDA4NzA2QTA\"><b>&#8211; und dabei sogar die Titelseite des Beitrages zieren.\u00a0 <br \/><\/b><\/a><\/p><p><b><a href=\"https:\/\/www.ardmediathek.de\/video\/landgasthaeuser\/fraenkische-weihnacht\/br\/Y3JpZDovL2JyLmRlL2Jyb2FkY2FzdC9GMjAyNFdPMDA4NzA2QTA\">Schauen Sie gerne hier rein. <\/a><br \/><\/b><\/p>\t\t\t\t\t\t\t\t<\/div>\n\t\t\t\t<\/div>\n\t\t\t\t\t<\/div>\n\t\t<\/div>\n\t\t\t\t\t<\/div>\n\t\t<\/section>\n\t\t\t\t\t<\/div>\n\t\t<\/div>\n\t\t\t\t\t<\/div>\n\t\t<\/section>\n\t\t\t\t<section class=\"elementor-section elementor-top-section elementor-element elementor-element-dffef70 elementor-section-full_width elementor-hidden-desktop elementor-hidden-tablet elementor-hidden-mobile elementor-section-height-default elementor-section-height-default\" data-id=\"dffef70\" data-element_type=\"section\" data-e-type=\"section\">\n\t\t\t\t\t\t<div class=\"elementor-container elementor-column-gap-default\">\n\t\t\t\t\t<div class=\"elementor-column elementor-col-100 elementor-top-column elementor-element elementor-element-9757c40\" data-id=\"9757c40\" data-element_type=\"column\" data-e-type=\"column\">\n\t\t\t<div class=\"elementor-widget-wrap elementor-element-populated\">\n\t\t\t\t\t\t<section class=\"elementor-section elementor-inner-section elementor-element elementor-element-4398d01 elementor-hidden-desktop elementor-hidden-tablet elementor-section-boxed elementor-section-height-default elementor-section-height-default\" data-id=\"4398d01\" data-element_type=\"section\" data-e-type=\"section\" data-settings=\"{&quot;background_background&quot;:&quot;classic&quot;}\">\n\t\t\t\t\t\t<div class=\"elementor-container elementor-column-gap-default\">\n\t\t\t\t\t<div class=\"elementor-column elementor-col-100 elementor-inner-column elementor-element elementor-element-ad05ae0\" data-id=\"ad05ae0\" data-element_type=\"column\" data-e-type=\"column\">\n\t\t\t<div class=\"elementor-widget-wrap elementor-element-populated\">\n\t\t\t\t\t\t<div class=\"elementor-element elementor-element-6f42ce1 elementor-widget elementor-widget-text-editor\" data-id=\"6f42ce1\" data-element_type=\"widget\" data-e-type=\"widget\" data-settings=\"{&quot;_animation&quot;:&quot;none&quot;}\" data-widget_type=\"text-editor.default\">\n\t\t\t\t<div class=\"elementor-widget-container\">\n\t\t\t\t\t\t\t\t\t<h2>M\u00e4rz 2025<\/h2>\t\t\t\t\t\t\t\t<\/div>\n\t\t\t\t<\/div>\n\t\t\t\t\t<\/div>\n\t\t<\/div>\n\t\t\t\t\t<\/div>\n\t\t<\/section>\n\t\t\t\t<section class=\"elementor-section elementor-inner-section elementor-element elementor-element-c1d0828 elementor-section-boxed elementor-section-height-default elementor-section-height-default\" data-id=\"c1d0828\" data-element_type=\"section\" data-e-type=\"section\">\n\t\t\t\t\t\t<div class=\"elementor-container elementor-column-gap-default\">\n\t\t\t\t\t<div class=\"elementor-column elementor-col-100 elementor-inner-column elementor-element elementor-element-3ae9930\" data-id=\"3ae9930\" data-element_type=\"column\" data-e-type=\"column\">\n\t\t\t<div class=\"elementor-widget-wrap elementor-element-populated\">\n\t\t\t\t\t\t<div class=\"elementor-element elementor-element-b5d3c87 elementor-hidden-desktop elementor-hidden-tablet elementor-hidden-mobile elementor-widget elementor-widget-text-editor\" data-id=\"b5d3c87\" data-element_type=\"widget\" data-e-type=\"widget\" data-widget_type=\"text-editor.default\">\n\t\t\t\t<div class=\"elementor-widget-container\">\n\t\t\t\t\t\t\t\t\t<p><b>Faschingsmonat M\u00e4rz\u00a0 &#8211; die n\u00e4rrische Zeit steht vor der T\u00fcre. <br \/><\/b><\/p><p>Gerne genie\u00dfen Sie unsere hausgebackenen Kuchen bei einem Besuch bei uns.<\/p><p>\u00a0<\/p><p><span style=\"text-decoration: underline;\"><strong>Am Sonntag den 02. M\u00e4rz haben wir unsere K\u00fcche nur mittags von 11.30 bis 14 Uhr f\u00fcr Sie ge\u00f6ffnet.<\/strong><\/span><\/p><p>Danach arbeiten unsere flei\u00dfigen Mitarbeiter und Putzfeen auf Hochtouren um in unseren wohlverdienten Faschingsurlaub zu starten!<\/p><p>\u00a0<\/p><p><b>03. M\u00e4rz bis 09. M\u00e4rz<\/b><\/p><p><b> &#8211; Wir wappnen uns f\u00fcr das Fr\u00fchjahr und machen eine kleine Pause!<\/b><\/p><p>Ab Montag den 10.03. sind wir wieder zu unseren regul\u00e4ren \u00d6ffnungszeiten f\u00fcr Sie da!<\/p>\t\t\t\t\t\t\t\t<\/div>\n\t\t\t\t<\/div>\n\t\t\t\t\t<\/div>\n\t\t<\/div>\n\t\t\t\t\t<\/div>\n\t\t<\/section>\n\t\t\t\t\t<\/div>\n\t\t<\/div>\n\t\t\t\t\t<\/div>\n\t\t<\/section>\n\t\t\t\t<section class=\"elementor-section elementor-top-section elementor-element elementor-element-1ccf4ea elementor-section-full_width elementor-section-height-default elementor-section-height-default\" data-id=\"1ccf4ea\" data-element_type=\"section\" data-e-type=\"section\">\n\t\t\t\t\t\t<div class=\"elementor-container elementor-column-gap-default\">\n\t\t\t\t\t<div class=\"elementor-column elementor-col-100 elementor-top-column elementor-element elementor-element-a5e2c03\" data-id=\"a5e2c03\" data-element_type=\"column\" data-e-type=\"column\">\n\t\t\t<div class=\"elementor-widget-wrap elementor-element-populated\">\n\t\t\t\t\t\t<section class=\"elementor-section elementor-inner-section elementor-element elementor-element-3bf7514 elementor-section-boxed elementor-section-height-default elementor-section-height-default\" data-id=\"3bf7514\" data-element_type=\"section\" data-e-type=\"section\" data-settings=\"{&quot;background_background&quot;:&quot;classic&quot;}\">\n\t\t\t\t\t\t<div class=\"elementor-container elementor-column-gap-default\">\n\t\t\t\t\t<div class=\"elementor-column elementor-col-100 elementor-inner-column elementor-element elementor-element-90e21e5\" data-id=\"90e21e5\" data-element_type=\"column\" data-e-type=\"column\">\n\t\t\t<div class=\"elementor-widget-wrap elementor-element-populated\">\n\t\t\t\t\t\t<div class=\"elementor-element elementor-element-f4355d4 elementor-widget elementor-widget-text-editor\" data-id=\"f4355d4\" data-element_type=\"widget\" data-e-type=\"widget\" data-settings=\"{&quot;_animation&quot;:&quot;none&quot;}\" data-widget_type=\"text-editor.default\">\n\t\t\t\t<div class=\"elementor-widget-container\">\n\t\t\t\t\t\t\t\t\t<h2>April 2026<\/h2>\t\t\t\t\t\t\t\t<\/div>\n\t\t\t\t<\/div>\n\t\t\t\t\t<\/div>\n\t\t<\/div>\n\t\t\t\t\t<\/div>\n\t\t<\/section>\n\t\t\t\t<section class=\"elementor-section elementor-inner-section elementor-element elementor-element-10a8161 elementor-section-boxed elementor-section-height-default elementor-section-height-default\" data-id=\"10a8161\" data-element_type=\"section\" data-e-type=\"section\">\n\t\t\t\t\t\t<div class=\"elementor-container elementor-column-gap-default\">\n\t\t\t\t\t<div class=\"elementor-column elementor-col-100 elementor-inner-column elementor-element elementor-element-3ea1998\" data-id=\"3ea1998\" data-element_type=\"column\" data-e-type=\"column\">\n\t\t\t<div class=\"elementor-widget-wrap elementor-element-populated\">\n\t\t\t\t\t\t<div class=\"elementor-element elementor-element-179c74d elementor-hidden-desktop elementor-hidden-tablet elementor-hidden-mobile elementor-widget elementor-widget-text-editor\" data-id=\"179c74d\" data-element_type=\"widget\" data-e-type=\"widget\" data-widget_type=\"text-editor.default\">\n\t\t\t\t<div class=\"elementor-widget-container\">\n\t\t\t\t\t\t\t\t\t<p><b><em>FROHE OSTERN!<\/em><br \/><\/b><\/p><p><b>Ostern steht vor der T\u00fcre und die ersten fr\u00fchlingshaften Temperaturen laden Sie zum Verweilen bei uns ein. <\/b><\/p><p>Sie m\u00f6chten an Ostern unsere reichhaltige Karte genie\u00dfen?<\/p><p>Dann reservieren Sie daf\u00fcr baldm\u00f6glichst Ihren Platz bei uns.<\/p><p><b>Karfreitag 18. April <\/b><\/p><p>Wir verw\u00f6hnen Sie an diesem besonderen Feiertag gerne mit ausgew\u00e4hlten Fischgerichten.<\/p><p>&#8230;&#8230;&#8230;&#8230;&#8230;&#8230;&#8230;&#8230;&#8230;&#8230;&#8230;&#8230;&#8230;.<\/p><p><b>Ostersonntag 20. April <br \/><\/b><\/p><p>Wir sind zu unseren regul\u00e4ren Sonntags\u00f6ffnungs- und K\u00fcchenzeiten f\u00fcr Sie da.<\/p><p>&#8230;&#8230;&#8230;&#8230;&#8230;&#8230;&#8230;&#8230;&#8230;&#8230;&#8230;&#8230;&#8230;..<\/p><p><b>Ostermontag 21. April<\/b><\/p><p>Wir verw\u00f6hnen Sie an diesem Tag gerne zu unseren regul\u00e4ren Sonntags\u00f6ffnungs- und K\u00fcchenzeiten.<\/p><p>&#8230;&#8230;&#8230;&#8230;&#8230;&#8230;&#8230;&#8230;&#8230;&#8230;&#8230;&#8230;&#8230;.<\/p><p>Wir freuen uns auf Ihren Osterbesuch bei uns!<\/p><p>&#8230;&#8230;&#8230;&#8230;&#8230;&#8230;&#8230;&#8230;&#8230;&#8230;&#8230;&#8230;&#8230;..<\/p><p><b>Dienstag 22. April bis Donnerstag 24. April &#8211; Nach den Osterfeiertagen sch\u00f6pfen wir neue Kraft!<\/b><\/p><p><b> Unser Restaurant hat geschlossen. <\/b><\/p><p><b>Unser Hotel (mit Fr\u00fchst\u00fcck) hat ge\u00f6ffnet. <br \/><\/b><\/p><p>Ab Freitag, den 25.04. sind wir wieder zu unseren regul\u00e4ren \u00d6ffnungszeiten f\u00fcr Sie da!<\/p><p>&#8230;&#8230;&#8230;&#8230;&#8230;&#8230;&#8230;&#8230;&#8230;&#8230;.<\/p><p><b>Sonntag 27. April <br \/><\/b><\/p><p>gerne verw\u00f6hnen wir Sie zu unseren Mittags\u00f6ffnungszeiten mit K\u00fcche von 11.30 bis 14 Uhr. <strong>Am Abend ist unser Restaurant geschlossen.<\/strong><\/p><p>&#8230;&#8230;&#8230;&#8230;&#8230;&#8230;&#8230;&#8230;&#8230;&#8230;.<\/p><p>Die <strong>Karpfen-Saison endet<\/strong> mit dem Ausklingen des Monats April. Kommen Sie gerne noch vorbei uns genie\u00dfen den vorerst letzten Karpfen bevor im Herbst die Saison wieder startet<\/p>\t\t\t\t\t\t\t\t<\/div>\n\t\t\t\t<\/div>\n\t\t\t\t<div class=\"elementor-element elementor-element-8d33dda elementor-widget elementor-widget-text-editor\" data-id=\"8d33dda\" data-element_type=\"widget\" data-e-type=\"widget\" data-widget_type=\"text-editor.default\">\n\t\t\t\t<div class=\"elementor-widget-container\">\n\t\t\t\t\t\t\t\t\t<p><b>Dienstag 07. April bis Donnerstag 09. April &#8211; Nach den Osterfeiertagen sch\u00f6pfen wir neue Kraft!<\/b><\/p><p><b> Unser Restaurant hat geschlossen. <\/b><\/p><p><b>Unser Hotel (mit Fr\u00fchst\u00fcck) hat ge\u00f6ffnet. <br \/><\/b><\/p><p>Ab Freitag, den 10.04. sind wir wieder zu unseren regul\u00e4ren \u00d6ffnungszeiten f\u00fcr Sie da!<\/p><p>&#8230;&#8230;&#8230;&#8230;&#8230;&#8230;&#8230;&#8230;&#8230;&#8230;.<\/p><p><b>Sonntag 26. April 2026<\/b><\/p><p>Wir g\u00f6nnen unseren Mitarbeitern von Herzen einen freien Sonntag. <strong>Deshalb ist unser Restaurant\u00a0 an diesem Sonntag ganzt\u00e4gig geschlossen.<\/strong><\/p><p>&#8230;&#8230;&#8230;&#8230;&#8230;&#8230;&#8230;&#8230;&#8230;&#8230;.<\/p><p>Die <strong>Karpfen-Saison endet<\/strong> mit dem Ausklingen des Monats April. Ab dem 27. April bieten wir keine Karpfen mehr an. Kommen Sie bis dahin gerne noch vorbei uns genie\u00dfen den vorerst letzten Karpfen bevor im Herbst die Saison wieder startet.\u00a0<\/p><p>&#8230;&#8230;&#8230;&#8230;&#8230;&#8230;&#8230;&#8230;&#8230;&#8230;.<\/p><p><b>Donnerstag, 30. April 2026<\/b><\/p><p><strong>Unser Restaurant\u00a0 hat an diesem Donnerstagabend ge\u00f6ffnet. Wir verw\u00f6hnen Sie vor dem Feiertag mit reigionaler K\u00fcche von 17.30 bis 20 Uhr.\u00a0<\/strong><\/p>\t\t\t\t\t\t\t\t<\/div>\n\t\t\t\t<\/div>\n\t\t\t\t\t<\/div>\n\t\t<\/div>\n\t\t\t\t\t<\/div>\n\t\t<\/section>\n\t\t\t\t\t<\/div>\n\t\t<\/div>\n\t\t\t\t\t<\/div>\n\t\t<\/section>\n\t\t\t\t<section class=\"elementor-section elementor-top-section elementor-element elementor-element-7980204 elementor-section-full_width elementor-section-height-default elementor-section-height-default\" data-id=\"7980204\" data-element_type=\"section\" data-e-type=\"section\">\n\t\t\t\t\t\t<div class=\"elementor-container elementor-column-gap-default\">\n\t\t\t\t\t<div class=\"elementor-column elementor-col-100 elementor-top-column elementor-element elementor-element-f266b14\" data-id=\"f266b14\" data-element_type=\"column\" data-e-type=\"column\">\n\t\t\t<div class=\"elementor-widget-wrap elementor-element-populated\">\n\t\t\t\t\t\t<section class=\"elementor-section elementor-inner-section elementor-element elementor-element-fed8d6e elementor-section-boxed elementor-section-height-default elementor-section-height-default\" data-id=\"fed8d6e\" data-element_type=\"section\" data-e-type=\"section\" data-settings=\"{&quot;background_background&quot;:&quot;classic&quot;}\">\n\t\t\t\t\t\t<div class=\"elementor-container elementor-column-gap-default\">\n\t\t\t\t\t<div class=\"elementor-column elementor-col-100 elementor-inner-column elementor-element elementor-element-b8ebfd6\" data-id=\"b8ebfd6\" data-element_type=\"column\" data-e-type=\"column\">\n\t\t\t<div class=\"elementor-widget-wrap elementor-element-populated\">\n\t\t\t\t\t\t<div class=\"elementor-element elementor-element-270c04c elementor-widget elementor-widget-text-editor\" data-id=\"270c04c\" data-element_type=\"widget\" data-e-type=\"widget\" data-settings=\"{&quot;_animation&quot;:&quot;none&quot;}\" data-widget_type=\"text-editor.default\">\n\t\t\t\t<div class=\"elementor-widget-container\">\n\t\t\t\t\t\t\t\t\t<h2>Mai 2026<\/h2>\t\t\t\t\t\t\t\t<\/div>\n\t\t\t\t<\/div>\n\t\t\t\t\t<\/div>\n\t\t<\/div>\n\t\t\t\t\t<\/div>\n\t\t<\/section>\n\t\t\t\t<section class=\"elementor-section elementor-inner-section elementor-element elementor-element-8931b22 elementor-section-boxed elementor-section-height-default elementor-section-height-default\" data-id=\"8931b22\" data-element_type=\"section\" data-e-type=\"section\">\n\t\t\t\t\t\t<div class=\"elementor-container elementor-column-gap-default\">\n\t\t\t\t\t<div class=\"elementor-column elementor-col-100 elementor-inner-column elementor-element elementor-element-0db9ab4\" data-id=\"0db9ab4\" data-element_type=\"column\" data-e-type=\"column\">\n\t\t\t<div class=\"elementor-widget-wrap elementor-element-populated\">\n\t\t\t\t\t\t<div class=\"elementor-element elementor-element-6e64ebd elementor-widget elementor-widget-text-editor\" data-id=\"6e64ebd\" data-element_type=\"widget\" data-e-type=\"widget\" data-widget_type=\"text-editor.default\">\n\t\t\t\t<div class=\"elementor-widget-container\">\n\t\t\t\t\t\t\t\t\t<p><b>Start of the asparagus season!<\/b><\/p><p>Genie\u00dfen Sie fr\u00e4nkischen Spargel \u2013 t\u00e4glich frisch gestochen \u2013 von regionalen Spargelbauern aus dem N\u00fcrnberger Land.\u00a0<\/p><p>Unser K\u00fcchenteam verw\u00f6hnt Sie mit verschiedenen Kreationen rund um das k\u00f6nigliche Gem\u00fcse. Oder genie\u00dfen Sie unsere erfrischenden fr\u00fchsommerlichen Aperitifs und hausgemachten Rhabarberkuchen.<br \/>We are looking forward to your reservation!<\/p><p>&#8230;&#8230;&#8230;&#8230;&#8230;&#8230;&#8230;&#8230;&#8230;&#8230;.<\/p><p><b>Freitag 01.05.<strong>2026<\/strong>\u00a0May Bank Holiday<\/b><\/p><p>&#8211; wir haben <strong>abends &#8211; zu unseren regul\u00e4ren Freitags\u00f6ffnungszeiten <\/strong><strong>ge\u00f6ffnet<\/strong>! Reservieren Sie gerne Ihren Tisch bei uns.<\/p><p>&#8230;&#8230;&#8230;&#8230;&#8230;&#8230;&#8230;&#8230;&#8230;&#8230;.<\/p><p><b>Sonntag 10.05.<strong>2025<\/strong> Mother's Day<\/b><br \/>heute werden die Mamas besonders verw\u00f6hnt &#8230; Reservieren Sie Ihren Tisch gerne fr\u00fchzeitig!<\/p><p>&#8230;&#8230;&#8230;&#8230;&#8230;&#8230;&#8230;&#8230;&#8230;&#8230;.<\/p><p><b>Donnerstag 14.05.<strong>2026<\/strong>\u00a0Ascension Day<\/b><\/p><p><strong>\u00a0&#8211; wir haben an diesem Donnerstag am Abend f\u00fcr Sie ge\u00f6ffnet. Wir servieren regionale K\u00fcche von 18 bis 20 Uhr.\u00a0<\/strong><\/p><p>&#8230;&#8230;&#8230;&#8230;&#8230;&#8230;&#8230;&#8230;&#8230;&#8230;.<\/p><p><b>URLAUB: <\/b><\/p><p><b>Von Pfingstmontag, den 25.05.<strong>2026 bis einschlie\u00dflich Sonntag, 31. Mai 2026 bleibt unser Restaurant und Hotel geschlossen.\u00a0<\/strong><\/b><\/p><p>\u00a0<\/p>\t\t\t\t\t\t\t\t<\/div>\n\t\t\t\t<\/div>\n\t\t\t\t\t<\/div>\n\t\t<\/div>\n\t\t\t\t\t<\/div>\n\t\t<\/section>\n\t\t\t\t\t<\/div>\n\t\t<\/div>\n\t\t\t\t\t<\/div>\n\t\t<\/section>\n\t\t\t\t<section class=\"elementor-section elementor-top-section elementor-element elementor-element-ccfd969 elementor-section-full_width elementor-section-height-default elementor-section-height-default\" data-id=\"ccfd969\" data-element_type=\"section\" data-e-type=\"section\">\n\t\t\t\t\t\t<div class=\"elementor-container elementor-column-gap-default\">\n\t\t\t\t\t<div class=\"elementor-column elementor-col-100 elementor-top-column elementor-element elementor-element-c432eb8\" data-id=\"c432eb8\" data-element_type=\"column\" data-e-type=\"column\">\n\t\t\t<div class=\"elementor-widget-wrap elementor-element-populated\">\n\t\t\t\t\t\t<section class=\"elementor-section elementor-inner-section elementor-element elementor-element-f9ba67e elementor-section-boxed elementor-section-height-default elementor-section-height-default\" data-id=\"f9ba67e\" data-element_type=\"section\" data-e-type=\"section\" data-settings=\"{&quot;background_background&quot;:&quot;classic&quot;}\">\n\t\t\t\t\t\t<div class=\"elementor-container elementor-column-gap-default\">\n\t\t\t\t\t<div class=\"elementor-column elementor-col-100 elementor-inner-column elementor-element elementor-element-3fd3900\" data-id=\"3fd3900\" data-element_type=\"column\" data-e-type=\"column\">\n\t\t\t<div class=\"elementor-widget-wrap elementor-element-populated\">\n\t\t\t\t\t\t<div class=\"elementor-element elementor-element-1df10db elementor-hidden-desktop elementor-hidden-tablet elementor-hidden-mobile elementor-widget elementor-widget-text-editor\" data-id=\"1df10db\" data-element_type=\"widget\" data-e-type=\"widget\" data-settings=\"{&quot;_animation&quot;:&quot;none&quot;}\" data-widget_type=\"text-editor.default\">\n\t\t\t\t<div class=\"elementor-widget-container\">\n\t\t\t\t\t\t\t\t\t<h2>Juni 2024<\/h2>\t\t\t\t\t\t\t\t<\/div>\n\t\t\t\t<\/div>\n\t\t\t\t\t<\/div>\n\t\t<\/div>\n\t\t\t\t\t<\/div>\n\t\t<\/section>\n\t\t\t\t<section class=\"elementor-section elementor-inner-section elementor-element elementor-element-e6d75f8 elementor-hidden-desktop elementor-hidden-tablet elementor-hidden-mobile elementor-section-boxed elementor-section-height-default elementor-section-height-default\" data-id=\"e6d75f8\" data-element_type=\"section\" data-e-type=\"section\">\n\t\t\t\t\t\t<div class=\"elementor-container elementor-column-gap-default\">\n\t\t\t\t\t<div class=\"elementor-column elementor-col-100 elementor-inner-column elementor-element elementor-element-65976b3\" data-id=\"65976b3\" data-element_type=\"column\" data-e-type=\"column\">\n\t\t\t<div class=\"elementor-widget-wrap elementor-element-populated\">\n\t\t\t\t\t\t<div class=\"elementor-element elementor-element-ce154c9 elementor-widget elementor-widget-text-editor\" data-id=\"ce154c9\" data-element_type=\"widget\" data-e-type=\"widget\" data-widget_type=\"text-editor.default\">\n\t\t\t\t<div class=\"elementor-widget-container\">\n\t\t\t\t\t\t\t\t\t<p><b>Pfingsten &#8211; <\/b>&nbsp;<\/p>\n<p>Wir freuen uns Sie am <strong>Pfingstsonntag, den 08. Juni<\/strong> ganzt\u00e4gig verw\u00f6hnen zu d\u00fcrfen.<\/p>\n<p>Unsere K\u00fcche \u00f6ffnet zu unseren regul\u00e4ren Sonntags\u00f6ffnungszeiten f\u00fcr Sie.<\/p>\n<p>&#8230;&#8230;&#8230;&#8230;&#8230;&#8230;&#8230;&#8230;&#8230;&#8230;.<\/p>\n<p><b>Pfingstmontag 09. Juni bis Sonntag 15. Juni 2025 &#8211; Urlaubspause<\/b><\/p>\n<p><b>Wir erlauben uns eine kleine Pause!&nbsp;<\/b><\/p>\n<p>&#8230;&#8230;&#8230;&#8230;&#8230;&#8230;&#8230;&#8230;&#8230;&#8230;.<\/p>\n<p><b>Donnerstag 19.06.<strong>2025<\/strong> Fronleichnam &#8211; <\/b><br>aufgrund des Feiertags haben wir an diesem Donnerstag trotzdem ge\u00f6ffnet!<\/p>\n<p>Wir freuen uns, Sie zu unseren K\u00fcchenzeiten wie sonntags begr\u00fc\u00dfen zu d\u00fcrfen!<\/p>\n<p><strong>&#8230;&#8230;&#8230;&#8230;&#8230;&#8230;&#8230;&#8230;&#8230;&#8230;.<\/strong><\/p>\n<p><b>KIRCHWEIH &#8211; <\/b><\/p>\n<p><b>Donnerstag 26.06. &#8211; Montag 30.06.2025<br><\/b>Kirchweih in Engelthal, genie\u00dfen Sie unsere Wirtshaus Kirchweih! Wir bitten um Reservierung an allen Kirchweihtagen.<\/p>\n<p>&#8230;&#8230;&#8230;&#8230;&#8230;&#8230;&#8230;&#8230;&#8230;&#8230;.<\/p>\n<p><b>Donnerstag &#8211; Vogelsuppen 26.06.2025<br><\/b>With us the Kirchweih always begins with the&nbsp;<b>Birdhouse<\/b> an! Musikalisch begleitet &#8222;Herzblatt&#8220; durch diesen Abend!<\/p>\n<p>&#8230;&#8230;&#8230;&#8230;&#8230;&#8230;&#8230;&#8230;&#8230;&#8230;.<\/p>\n<p><b>27.06.20<strong>25<\/strong><\/b><strong> open from 17:30<\/strong><\/p>\n<p>Am Freitag ist Burger-Abend! Lasst euch von unseren hausgemachten Buns und hausgefleischten Patties verw\u00f6hnen. Auch unsere veganen Couscous-Burger laden zum Schlemmen ein.<\/p>\n<p>&#8230;&#8230;&#8230;&#8230;&#8230;&#8230;&#8230;&#8230;&#8230;&#8230;.<\/p>\n<p><b>Sonntag 29.<strong>06.2025<\/strong><\/b><\/p>\n<p><b>Kirchweih Sunday<\/b><\/p>\n<p>Gabi bakes our popular Kirchweihk\u00fcchle according to Grandma Hermine's recipe!<\/p>\n<p>Am Abend gibt es Kirwatanz mit den Kirwam\u00e4dels &#8211; und boum und &#8222;M&amp;M&#8217;s&#8220;.<\/p>\n<p>&#8230;&#8230;&#8230;&#8230;&#8230;&#8230;&#8230;&#8230;&#8230;&#8230;.<\/p>\n<p><b>30.<strong>06.2025<\/strong><\/b><\/p>\n<p><b>Kirchweihmonday<br><\/b>Dieser beginnt bei uns mit dem <strong>Fr\u00fchschoppen<\/strong> mit <strong>Ben Ray<\/strong> ab 10.30 Uhr!<b><br><\/b>Mittags und abends verw\u00f6hnen wir Sie zus\u00e4tzlich mit feinen Gerichten aus unserer K\u00fcche. Am Abend gibt es gem\u00fctlichen Kirchweihausklang. <br><\/p>\n<p>Auf Ihre Tischreservierung freut sich Ihre Familie Schwab-Wagner und das ganze Team vom Wei\u00dfen Lamm<\/p>\n<p>&#8230;&#8230;&#8230;&#8230;&#8230;&#8230;&#8230;&#8230;&#8230;&#8230;.<\/p>\n<p><b>01.\/02.\/03.07.2025<\/b><br>We Kirchweihm\u00e4dels and Kirchweihbubn treat ourselves to a little time off!<\/p>\n<p>Ab Freitag 04. Juli sind wir wieder zu unseren regul\u00e4ren \u00d6ffnungszeiten f\u00fcr Sie da.<\/p>\n<div>&nbsp;<\/div>\n<div>&nbsp;<\/div>\t\t\t\t\t\t\t\t<\/div>\n\t\t\t\t<\/div>\n\t\t\t\t\t<\/div>\n\t\t<\/div>\n\t\t\t\t\t<\/div>\n\t\t<\/section>\n\t\t\t\t\t<\/div>\n\t\t<\/div>\n\t\t\t\t\t<\/div>\n\t\t<\/section>\n\t\t\t\t<section class=\"elementor-section elementor-top-section elementor-element elementor-element-9e004f8 elementor-section-full_width elementor-section-height-default elementor-section-height-default\" data-id=\"9e004f8\" data-element_type=\"section\" data-e-type=\"section\">\n\t\t\t\t\t\t<div class=\"elementor-container elementor-column-gap-default\">\n\t\t\t\t\t<div class=\"elementor-column elementor-col-100 elementor-top-column elementor-element elementor-element-50e0e93\" data-id=\"50e0e93\" data-element_type=\"column\" data-e-type=\"column\">\n\t\t\t<div class=\"elementor-widget-wrap elementor-element-populated\">\n\t\t\t\t\t\t<section class=\"elementor-section elementor-inner-section elementor-element elementor-element-c4c7da1 elementor-section-boxed elementor-section-height-default elementor-section-height-default\" data-id=\"c4c7da1\" data-element_type=\"section\" data-e-type=\"section\" data-settings=\"{&quot;background_background&quot;:&quot;classic&quot;}\">\n\t\t\t\t\t\t<div class=\"elementor-container elementor-column-gap-default\">\n\t\t\t\t\t<div class=\"elementor-column elementor-col-100 elementor-inner-column elementor-element elementor-element-9108780\" data-id=\"9108780\" data-element_type=\"column\" data-e-type=\"column\">\n\t\t\t<div class=\"elementor-widget-wrap elementor-element-populated\">\n\t\t\t\t\t\t<div class=\"elementor-element elementor-element-6cebea7 elementor-hidden-desktop elementor-hidden-tablet elementor-hidden-mobile elementor-widget elementor-widget-text-editor\" data-id=\"6cebea7\" data-element_type=\"widget\" data-e-type=\"widget\" data-settings=\"{&quot;_animation&quot;:&quot;none&quot;}\" data-widget_type=\"text-editor.default\">\n\t\t\t\t<div class=\"elementor-widget-container\">\n\t\t\t\t\t\t\t\t\t<h2>Juli 2025<\/h2>\t\t\t\t\t\t\t\t<\/div>\n\t\t\t\t<\/div>\n\t\t\t\t\t<\/div>\n\t\t<\/div>\n\t\t\t\t\t<\/div>\n\t\t<\/section>\n\t\t\t\t<section class=\"elementor-section elementor-inner-section elementor-element elementor-element-99b096c elementor-section-boxed elementor-section-height-default elementor-section-height-default\" data-id=\"99b096c\" data-element_type=\"section\" data-e-type=\"section\">\n\t\t\t\t\t\t<div class=\"elementor-container elementor-column-gap-default\">\n\t\t\t\t\t<div class=\"elementor-column elementor-col-100 elementor-inner-column elementor-element elementor-element-dba1405\" data-id=\"dba1405\" data-element_type=\"column\" data-e-type=\"column\">\n\t\t\t<div class=\"elementor-widget-wrap elementor-element-populated\">\n\t\t\t\t\t\t<div class=\"elementor-element elementor-element-e115494 elementor-hidden-desktop elementor-hidden-tablet elementor-hidden-mobile elementor-widget elementor-widget-text-editor\" data-id=\"e115494\" data-element_type=\"widget\" data-e-type=\"widget\" data-widget_type=\"text-editor.default\">\n\t\t\t\t<div class=\"elementor-widget-container\">\n\t\t\t\t\t\t\t\t\t<p>Enjoy the summer in our wonderful beer garden with a refreshing sundae, various refreshing aperitifs or a cool glass of beer!<\/p><p>Enjoy the snacks or the bratwursts from our boss Jochen!<\/p><p>Und bitte Reservierung nicht vergessen. \ud83d\ude42<\/p><p>&#8230;&#8230;&#8230;&#8230;&#8230;&#8230;&#8230;&#8230;&#8230;&#8230;.<\/p><p><strong>20.07.2025 Sonntag<\/strong><br \/><strong>Unser Restaurant bleibt geschlossen! &#8211; wir verschnaufen!<\/strong><\/p>\t\t\t\t\t\t\t\t<\/div>\n\t\t\t\t<\/div>\n\t\t\t\t\t<\/div>\n\t\t<\/div>\n\t\t\t\t\t<\/div>\n\t\t<\/section>\n\t\t\t\t\t<\/div>\n\t\t<\/div>\n\t\t\t\t\t<\/div>\n\t\t<\/section>\n\t\t\t\t<section class=\"elementor-section elementor-top-section elementor-element elementor-element-1bc6f03 elementor-section-full_width elementor-hidden-desktop elementor-hidden-tablet elementor-hidden-mobile elementor-section-height-default elementor-section-height-default\" data-id=\"1bc6f03\" data-element_type=\"section\" data-e-type=\"section\">\n\t\t\t\t\t\t<div class=\"elementor-container elementor-column-gap-default\">\n\t\t\t\t\t<div class=\"elementor-column elementor-col-100 elementor-top-column elementor-element elementor-element-b0e2ec9\" data-id=\"b0e2ec9\" data-element_type=\"column\" data-e-type=\"column\">\n\t\t\t<div class=\"elementor-widget-wrap elementor-element-populated\">\n\t\t\t\t\t\t<section class=\"elementor-section elementor-inner-section elementor-element elementor-element-15e00b7 elementor-section-boxed elementor-section-height-default elementor-section-height-default\" data-id=\"15e00b7\" data-element_type=\"section\" data-e-type=\"section\" data-settings=\"{&quot;background_background&quot;:&quot;classic&quot;}\">\n\t\t\t\t\t\t<div class=\"elementor-container elementor-column-gap-default\">\n\t\t\t\t\t<div class=\"elementor-column elementor-col-100 elementor-inner-column elementor-element elementor-element-10d0576\" data-id=\"10d0576\" data-element_type=\"column\" data-e-type=\"column\">\n\t\t\t<div class=\"elementor-widget-wrap elementor-element-populated\">\n\t\t\t\t\t\t<div class=\"elementor-element elementor-element-46cd968 elementor-widget elementor-widget-text-editor\" data-id=\"46cd968\" data-element_type=\"widget\" data-e-type=\"widget\" data-settings=\"{&quot;_animation&quot;:&quot;none&quot;}\" data-widget_type=\"text-editor.default\">\n\t\t\t\t<div class=\"elementor-widget-container\">\n\t\t\t\t\t\t\t\t\t<h2>August 2025<\/h2>\t\t\t\t\t\t\t\t<\/div>\n\t\t\t\t<\/div>\n\t\t\t\t\t<\/div>\n\t\t<\/div>\n\t\t\t\t\t<\/div>\n\t\t<\/section>\n\t\t\t\t<section class=\"elementor-section elementor-inner-section elementor-element elementor-element-24a28ee elementor-section-boxed elementor-section-height-default elementor-section-height-default\" data-id=\"24a28ee\" data-element_type=\"section\" data-e-type=\"section\">\n\t\t\t\t\t\t<div class=\"elementor-container elementor-column-gap-default\">\n\t\t\t\t\t<div class=\"elementor-column elementor-col-100 elementor-inner-column elementor-element elementor-element-a8db439\" data-id=\"a8db439\" data-element_type=\"column\" data-e-type=\"column\">\n\t\t\t<div class=\"elementor-widget-wrap elementor-element-populated\">\n\t\t\t\t\t\t<div class=\"elementor-element elementor-element-b569f47 elementor-widget elementor-widget-text-editor\" data-id=\"b569f47\" data-element_type=\"widget\" data-e-type=\"widget\" data-widget_type=\"text-editor.default\">\n\t\t\t\t<div class=\"elementor-widget-container\">\n\t\t\t\t\t\t\t\t\t<p><b>Midsummer - vacation time<br \/><\/b><\/p><p>Enjoy summer salad plates, specialties around the chanterelles, our popular burgers (not available every day, ask), various snacks, refreshing dessert creations and not to forget, a cool drink in our beer garden.<\/p><p>&#8230;&#8230;&#8230;&#8230;&#8230;&#8230;&#8230;&#8230;&#8230;&#8230;.<\/p><p><strong>Company vacation<\/strong><\/p><p><strong>Vom 11.08. bis einschlie\u00dflich 26.08.2025!<\/strong><\/p><p><strong>Ab Mittwoch, den <\/strong><strong>27.08.2025<\/strong> we are there for you again as usual!<\/p><p>&#8230;&#8230;&#8230;&#8230;&#8230;&#8230;&#8230;&#8230;&#8230;&#8230;.<\/p>\t\t\t\t\t\t\t\t<\/div>\n\t\t\t\t<\/div>\n\t\t\t\t\t<\/div>\n\t\t<\/div>\n\t\t\t\t\t<\/div>\n\t\t<\/section>\n\t\t\t\t\t<\/div>\n\t\t<\/div>\n\t\t\t\t\t<\/div>\n\t\t<\/section>\n\t\t\t\t<section class=\"elementor-section elementor-top-section elementor-element elementor-element-92e914e elementor-section-full_width elementor-section-height-default elementor-section-height-default\" data-id=\"92e914e\" data-element_type=\"section\" data-e-type=\"section\">\n\t\t\t\t\t\t<div class=\"elementor-container elementor-column-gap-default\">\n\t\t\t\t\t<div class=\"elementor-column elementor-col-100 elementor-top-column elementor-element elementor-element-64aca74\" data-id=\"64aca74\" data-element_type=\"column\" data-e-type=\"column\">\n\t\t\t<div class=\"elementor-widget-wrap elementor-element-populated\">\n\t\t\t\t\t\t<section class=\"elementor-section elementor-inner-section elementor-element elementor-element-a5017aa elementor-hidden-desktop elementor-hidden-tablet elementor-hidden-mobile elementor-section-boxed elementor-section-height-default elementor-section-height-default\" data-id=\"a5017aa\" data-element_type=\"section\" data-e-type=\"section\" data-settings=\"{&quot;background_background&quot;:&quot;classic&quot;}\">\n\t\t\t\t\t\t<div class=\"elementor-container elementor-column-gap-default\">\n\t\t\t\t\t<div class=\"elementor-column elementor-col-100 elementor-inner-column elementor-element elementor-element-7998e17\" data-id=\"7998e17\" data-element_type=\"column\" data-e-type=\"column\">\n\t\t\t<div class=\"elementor-widget-wrap elementor-element-populated\">\n\t\t\t\t\t\t<div class=\"elementor-element elementor-element-afff26e elementor-widget elementor-widget-text-editor\" data-id=\"afff26e\" data-element_type=\"widget\" data-e-type=\"widget\" data-settings=\"{&quot;_animation&quot;:&quot;none&quot;}\" data-widget_type=\"text-editor.default\">\n\t\t\t\t<div class=\"elementor-widget-container\">\n\t\t\t\t\t\t\t\t\t<h2>September 2025<\/h2>\t\t\t\t\t\t\t\t<\/div>\n\t\t\t\t<\/div>\n\t\t\t\t\t<\/div>\n\t\t<\/div>\n\t\t\t\t\t<\/div>\n\t\t<\/section>\n\t\t\t\t<section class=\"elementor-section elementor-inner-section elementor-element elementor-element-a91a24f elementor-section-boxed elementor-section-height-default elementor-section-height-default\" data-id=\"a91a24f\" data-element_type=\"section\" data-e-type=\"section\">\n\t\t\t\t\t\t<div class=\"elementor-container elementor-column-gap-default\">\n\t\t\t\t\t<div class=\"elementor-column elementor-col-100 elementor-inner-column elementor-element elementor-element-7e028ef\" data-id=\"7e028ef\" data-element_type=\"column\" data-e-type=\"column\">\n\t\t\t<div class=\"elementor-widget-wrap elementor-element-populated\">\n\t\t\t\t\t\t<div class=\"elementor-element elementor-element-8c4770b elementor-hidden-desktop elementor-hidden-tablet elementor-hidden-mobile elementor-widget elementor-widget-text-editor\" data-id=\"8c4770b\" data-element_type=\"widget\" data-e-type=\"widget\" data-widget_type=\"text-editor.default\">\n\t\t\t\t<div class=\"elementor-widget-container\">\n\t\t\t\t\t\t\t\t\t<p>Die<b> Karpfensaison beginnt wieder!<br \/><\/b>There are from now on again live fresh carp.<\/p><p>Try also our popular pepper carp or our carp fillet in beer batter.<\/p><p>&#8230;&#8230;&#8230;&#8230;&#8230;&#8230;&#8230;&#8230;&#8230;&#8230;.<\/p><p><b>Montag, 15. September<\/b> \u2013 <b>unser Restaurant hat nur f\u00fcr Hotelg\u00e4ste mit kleiner Karte ge\u00f6ffnet. Wir sammeln unsere Kr\u00e4fte f\u00fcr den morgigen Schulanfang<\/b><\/p><p>&#8230;&#8230;&#8230;&#8230;&#8230;&#8230;&#8230;&#8230;&#8230;&#8230;.<\/p><p><b>Dienstag, 16. September<\/b> \u2013 <b>Back to school!!!<br \/><\/b>Today we are already open for you at noon!<\/p><p>A little surprise awaits each first grader....<\/p><p>&#8230;&#8230;&#8230;&#8230;&#8230;&#8230;&#8230;&#8230;&#8230;&#8230;.<\/p><p>Am <strong>Sonntag, den 21. September<\/strong> bleibt unser Restaurant <strong>am Abend geschlossen<\/strong>. Mittags haben wir regul\u00e4r K\u00fcche von 11.30 bis 14 Uhr.<\/p><p>&#8230;&#8230;&#8230;&#8230;&#8230;&#8230;&#8230;&#8230;&#8230;&#8230;.<\/p><p><strong>28.09.2025<\/strong><br \/><span style=\"text-decoration: underline;\"><strong>Unser Restaurant bleibt geschlossen! &#8211; wir verschnaufen!<br \/><\/strong><\/span><\/p><p>&#8230;&#8230;&#8230;&#8230;&#8230;&#8230;&#8230;&#8230;&#8230;&#8230;..<\/p>\t\t\t\t\t\t\t\t<\/div>\n\t\t\t\t<\/div>\n\t\t\t\t\t<\/div>\n\t\t<\/div>\n\t\t\t\t\t<\/div>\n\t\t<\/section>\n\t\t\t\t\t<\/div>\n\t\t<\/div>\n\t\t\t\t\t<\/div>\n\t\t<\/section>\n\t\t\t\t<section class=\"elementor-section elementor-top-section elementor-element elementor-element-6bb73fa elementor-section-full_width elementor-hidden-desktop elementor-hidden-tablet elementor-hidden-mobile elementor-section-height-default elementor-section-height-default\" data-id=\"6bb73fa\" data-element_type=\"section\" data-e-type=\"section\">\n\t\t\t\t\t\t<div class=\"elementor-container elementor-column-gap-default\">\n\t\t\t\t\t<div class=\"elementor-column elementor-col-100 elementor-top-column elementor-element elementor-element-55b53cb\" data-id=\"55b53cb\" data-element_type=\"column\" data-e-type=\"column\">\n\t\t\t<div class=\"elementor-widget-wrap elementor-element-populated\">\n\t\t\t\t\t\t<section class=\"elementor-section elementor-inner-section elementor-element elementor-element-ff04e58 elementor-section-boxed elementor-section-height-default elementor-section-height-default\" data-id=\"ff04e58\" data-element_type=\"section\" data-e-type=\"section\" data-settings=\"{&quot;background_background&quot;:&quot;classic&quot;}\">\n\t\t\t\t\t\t<div class=\"elementor-container elementor-column-gap-default\">\n\t\t\t\t\t<div class=\"elementor-column elementor-col-100 elementor-inner-column elementor-element elementor-element-c46b4cd\" data-id=\"c46b4cd\" data-element_type=\"column\" data-e-type=\"column\">\n\t\t\t<div class=\"elementor-widget-wrap elementor-element-populated\">\n\t\t\t\t\t\t<div class=\"elementor-element elementor-element-314ad21 elementor-widget elementor-widget-text-editor\" data-id=\"314ad21\" data-element_type=\"widget\" data-e-type=\"widget\" data-settings=\"{&quot;_animation&quot;:&quot;none&quot;}\" data-widget_type=\"text-editor.default\">\n\t\t\t\t<div class=\"elementor-widget-container\">\n\t\t\t\t\t\t\t\t\t<h2>Oktober &amp; November 2025<\/h2>\t\t\t\t\t\t\t\t<\/div>\n\t\t\t\t<\/div>\n\t\t\t\t\t<\/div>\n\t\t<\/div>\n\t\t\t\t\t<\/div>\n\t\t<\/section>\n\t\t\t\t<section class=\"elementor-section elementor-inner-section elementor-element elementor-element-77944d0 elementor-section-boxed elementor-section-height-default elementor-section-height-default\" data-id=\"77944d0\" data-element_type=\"section\" data-e-type=\"section\">\n\t\t\t\t\t\t<div class=\"elementor-container elementor-column-gap-default\">\n\t\t\t\t\t<div class=\"elementor-column elementor-col-100 elementor-inner-column elementor-element elementor-element-1a91a2b\" data-id=\"1a91a2b\" data-element_type=\"column\" data-e-type=\"column\">\n\t\t\t<div class=\"elementor-widget-wrap elementor-element-populated\">\n\t\t\t\t\t\t<div class=\"elementor-element elementor-element-2879948 elementor-widget elementor-widget-text-editor\" data-id=\"2879948\" data-element_type=\"widget\" data-e-type=\"widget\" data-widget_type=\"text-editor.default\">\n\t\t\t\t<div class=\"elementor-widget-container\">\n\t\t\t\t\t\t\t\t\t<p>Der<b> Goldene Oktober l\u00e4dt ein<\/b><\/p><p>Genie\u00dfen Sie feine Spezialit\u00e4ten von Wildschwein und Reh direkt aus den W\u00e4ldern rund um Engelthal. Oder Sie probieren frische Steinpilze serviert mit unseren hausgemachten Brezenkn\u00f6deln, hmmm lecker&#8230;<\/p><p>&#8230;&#8230;&#8230;&#8230;&#8230;&#8230;&#8230;&#8230;&#8230;&#8230;..<\/p><p><strong>Mittwoch, 01.10<\/strong> haben wir nur mittags ge\u00f6ffnet. Am Abend bleibt unser Restaurant geschlossen.<\/p><p>&#8230;&#8230;&#8230;&#8230;&#8230;&#8230;&#8230;&#8230;&#8230;&#8230;..<\/p><p>Am <strong>Donnerstag, den 02. Oktober<\/strong> bleibt unser Restaurant zu unserem regul\u00e4ren Ruhetag geschlossen.\u00a0<\/p><p>&#8230;&#8230;&#8230;&#8230;&#8230;&#8230;&#8230;&#8230;&#8230;&#8230;..<\/p><p><b>Freitag, 03. Oktober<\/b> \u2013 <b>Tag der deutschen Einheiten<br \/><\/b>Heute haben wir ganzt\u00e4gig f\u00fcr Sie ge\u00f6ffnet!<\/p><p>(K\u00fcchenzeiten wie sonntags)<\/p><p>&#8230;&#8230;&#8230;&#8230;&#8230;&#8230;&#8230;&#8230;&#8230;&#8230;..<\/p><p><strong>Samstag 4.10. und Sonntag 5.10. sind f\u00fcr zu unseren regul\u00e4ren \u00d6ffnungszeiten wieder f\u00fcr Sie da!<\/strong><\/p><p>&#8230;&#8230;&#8230;&#8230;&#8230;&#8230;&#8230;&#8230;&#8230;&#8230;.<\/p><p>Am <strong>Montag, den 13. Oktober<\/strong>\u00a0bleibt unser Restaurant <strong>am Abend geschlossen<\/strong>.\u00a0<\/p><p><strong>Daf\u00fcr haben wir am Donnerstag, den 16. Oktober unser Restaurant am Abend ge\u00f6ffnet.\u00a0<\/strong><\/p><p><strong>Am Sonntag, den 19. Oktober bleibt unser Restaurant abends geschlossen, mittags haben wir von 11.30 bis 14 Uhr K\u00fcche.<\/strong><\/p><p>&#8230;&#8230;&#8230;&#8230;&#8230;&#8230;&#8230;&#8230;&#8230;&#8230;<\/p><p><b>Von Sonntag, den 02.11.2025 bis einschlie\u00dflich Sonntag, den 09.11.2025<\/b><\/p><p><b>we treat ourselves to a little time off - our hotel and restaurant remains closed.<\/b><\/p><p>&#8230;&#8230;&#8230;&#8230;&#8230;&#8230;&#8230;&#8230;&#8230;&#8230;.<\/p><p><strong>Ab dem 10.11.2025 sind wir zu unseren gewohnten \u00d6ffnungszeiten wieder f\u00fcr Sie da.<br \/><\/strong><\/p><p>We are very much looking forward to seeing you again in our cozy restaurant.<\/p><p>&#8230;&#8230;&#8230;&#8230;&#8230;&#8230;&#8230;&#8230;&#8230;&#8230;.<\/p><p>Am Donnerstag, den 27 November hat unser Restaurant aufgrund der Messe am Abend ge\u00f6ffnet. Wir freuen uns auf Ihren Besuch.\u00a0<\/p><p>\u00a0<\/p>\t\t\t\t\t\t\t\t<\/div>\n\t\t\t\t<\/div>\n\t\t\t\t\t<\/div>\n\t\t<\/div>\n\t\t\t\t\t<\/div>\n\t\t<\/section>\n\t\t\t\t\t<\/div>\n\t\t<\/div>\n\t\t\t\t\t<\/div>\n\t\t<\/section>\n\t\t\t\t<section class=\"elementor-section elementor-top-section elementor-element elementor-element-ff13032 elementor-section-full_width elementor-hidden-desktop elementor-hidden-tablet elementor-hidden-mobile elementor-section-height-default elementor-section-height-default\" data-id=\"ff13032\" data-element_type=\"section\" data-e-type=\"section\">\n\t\t\t\t\t\t<div class=\"elementor-container elementor-column-gap-default\">\n\t\t\t\t\t<div class=\"elementor-column elementor-col-100 elementor-top-column elementor-element elementor-element-689117b\" data-id=\"689117b\" data-element_type=\"column\" data-e-type=\"column\">\n\t\t\t<div class=\"elementor-widget-wrap elementor-element-populated\">\n\t\t\t\t\t\t<section class=\"elementor-section elementor-inner-section elementor-element elementor-element-50b75f8 elementor-section-boxed elementor-section-height-default elementor-section-height-default\" data-id=\"50b75f8\" data-element_type=\"section\" data-e-type=\"section\" data-settings=\"{&quot;background_background&quot;:&quot;classic&quot;}\">\n\t\t\t\t\t\t<div class=\"elementor-container elementor-column-gap-default\">\n\t\t\t\t\t<div class=\"elementor-column elementor-col-100 elementor-inner-column elementor-element elementor-element-ce4a5be\" data-id=\"ce4a5be\" data-element_type=\"column\" data-e-type=\"column\">\n\t\t\t<div class=\"elementor-widget-wrap elementor-element-populated\">\n\t\t\t\t\t\t<div class=\"elementor-element elementor-element-cac084a elementor-widget elementor-widget-text-editor\" data-id=\"cac084a\" data-element_type=\"widget\" data-e-type=\"widget\" data-settings=\"{&quot;_animation&quot;:&quot;none&quot;}\" data-widget_type=\"text-editor.default\">\n\t\t\t\t<div class=\"elementor-widget-container\">\n\t\t\t\t\t\t\t\t\t<h2>Dezember 2025<\/h2>\t\t\t\t\t\t\t\t<\/div>\n\t\t\t\t<\/div>\n\t\t\t\t\t<\/div>\n\t\t<\/div>\n\t\t\t\t\t<\/div>\n\t\t<\/section>\n\t\t\t\t<section class=\"elementor-section elementor-inner-section elementor-element elementor-element-970e412 elementor-section-boxed elementor-section-height-default elementor-section-height-default\" data-id=\"970e412\" data-element_type=\"section\" data-e-type=\"section\">\n\t\t\t\t\t\t<div class=\"elementor-container elementor-column-gap-default\">\n\t\t\t\t\t<div class=\"elementor-column elementor-col-100 elementor-inner-column elementor-element elementor-element-980b638\" data-id=\"980b638\" data-element_type=\"column\" data-e-type=\"column\">\n\t\t\t<div class=\"elementor-widget-wrap elementor-element-populated\">\n\t\t\t\t\t\t<div class=\"elementor-element elementor-element-d8e7dfa elementor-widget elementor-widget-text-editor\" data-id=\"d8e7dfa\" data-element_type=\"widget\" data-e-type=\"widget\" data-widget_type=\"text-editor.default\">\n\t\t\t\t<div class=\"elementor-widget-container\">\n\t\t\t\t\t\t\t\t\t<p>There is again our popular homemade Stollen\u00a0<br \/>Baked according to\u00a0<b>to Grandma Hermine's family recipe.<br \/><\/b><\/p><p>&#8230;&#8230;&#8230;&#8230;&#8230;&#8230;&#8230;&#8230;&#8230;&#8230;.<\/p><p><b>Am Mittwoch, den 17. Dezember <\/b>ist unser Restaurant aufgrund unserer Mitarbeiter-Weihnachtsfeier ganzt\u00e4gig geschlossen.<b><br \/><\/b><\/p><p>&#8230;&#8230;&#8230;&#8230;&#8230;&#8230;&#8230;&#8230;&#8230;&#8230;.<\/p><p><strong>Am Donnerstag, den 18. Dezember<\/strong> haben wir aber ab 18 Uhr ge\u00f6ffnet! Reserviert hier gerne!\u00a0<\/p><p>&#8230;&#8230;&#8230;&#8230;&#8230;&#8230;&#8230;&#8230;&#8230;&#8230;.<\/p><p><b>Freitag 19.12.<strong>2025<\/strong><\/b><br \/>abends ab 17.30 Uhr ge\u00f6ffnet.<\/p><p>&#8230;&#8230;&#8230;&#8230;&#8230;&#8230;&#8230;&#8230;&#8230;&#8230;.<\/p><p><b>Von Samstag, den 20. Dezember bis einschlie\u00dflich Donnerstag, den 25. Dezember bleibt unser Restaurant geschlossen!.<\/b><\/p><p>Wir bereiten uns mit unseren Familien auf die Feiertage vor und feiern im Kreis unserer Familien Weihnachten!<b> <\/b><\/p><p>&#8230; und holen Kraft f\u00fcr den Jahresendspurt. <b><\/b><\/p><p><b>26.12.<strong>2025<\/strong>\u00a02. Weihnachtsfeiertag<\/b><br \/>Open all day.<\/p><p>Please note:<\/p><p><strong>Wir sind hier bereits abends und mittags ausgebucht!<\/strong><\/p><p>&#8230;&#8230;&#8230;&#8230;&#8230;&#8230;&#8230;&#8230;&#8230;&#8230;.<\/p><p><b>Samstag, 27.12.<strong>2025 abends ab 17.30 Uhr ge\u00f6ffnet. <\/strong><\/b><\/p><p><b><strong>Sonntag 28.12.2024<\/strong> <\/b>hat unser Restaurant ganzt\u00e4gig ge\u00f6ffnet. Wir bitten um Reservierung.<\/p><p>(*K\u00fcchenzeiten wie regul\u00e4re Sonntagszeiten).\u00a0<\/p><p>&#8230;&#8230;&#8230;&#8230;&#8230;&#8230;&#8230;&#8230;&#8230;&#8230;.<\/p><p><b>29.12.\/30.12. \/ 31.12.<strong>2025<\/strong> Silvester \/ 01.01.2026 (Neujahr)<\/b><br \/>Wir sind ab 17.30 Uhr f\u00fcr Sie da. Wir bitten um Reservierung!<\/p><p>&#8230;&#8230;&#8230;&#8230;&#8230;&#8230;&#8230;&#8230;&#8230;&#8230;.<\/p><p><b>01.01.<strong>2026<\/strong>\u00a0New Year\u00a0<\/b><\/p><p>nach einer ausgiebigen Silvesterfeier freuen wir uns, Sie ab 17.30 Uhr in unserem Restaurant begr\u00fc\u00dfen zu d\u00fcrfen!<\/p><p>&#8230;&#8230;&#8230;&#8230;&#8230;&#8230;&#8230;&#8230;&#8230;&#8230;.<\/p>\t\t\t\t\t\t\t\t<\/div>\n\t\t\t\t<\/div>\n\t\t\t\t\t<\/div>\n\t\t<\/div>\n\t\t\t\t\t<\/div>\n\t\t<\/section>\n\t\t\t\t\t<\/div>\n\t\t<\/div>\n\t\t\t\t\t<\/div>\n\t\t<\/section>\n\t\t\t\t<section class=\"elementor-section elementor-top-section elementor-element elementor-element-223464d elementor-section-full_width elementor-hidden-desktop elementor-hidden-tablet elementor-hidden-mobile elementor-section-height-default elementor-section-height-default\" data-id=\"223464d\" data-element_type=\"section\" data-e-type=\"section\">\n\t\t\t\t\t\t<div class=\"elementor-container elementor-column-gap-default\">\n\t\t\t\t\t<div class=\"elementor-column elementor-col-100 elementor-top-column elementor-element elementor-element-32ed932\" data-id=\"32ed932\" data-element_type=\"column\" data-e-type=\"column\">\n\t\t\t<div class=\"elementor-widget-wrap elementor-element-populated\">\n\t\t\t\t\t\t<section class=\"elementor-section elementor-inner-section elementor-element elementor-element-465cce7 elementor-section-boxed elementor-section-height-default elementor-section-height-default\" data-id=\"465cce7\" data-element_type=\"section\" data-e-type=\"section\" data-settings=\"{&quot;background_background&quot;:&quot;classic&quot;}\">\n\t\t\t\t\t\t<div class=\"elementor-container elementor-column-gap-default\">\n\t\t\t\t\t<div class=\"elementor-column elementor-col-100 elementor-inner-column elementor-element elementor-element-83dbf23\" data-id=\"83dbf23\" data-element_type=\"column\" data-e-type=\"column\">\n\t\t\t<div class=\"elementor-widget-wrap elementor-element-populated\">\n\t\t\t\t\t\t<div class=\"elementor-element elementor-element-f8999f2 elementor-widget elementor-widget-text-editor\" data-id=\"f8999f2\" data-element_type=\"widget\" data-e-type=\"widget\" data-settings=\"{&quot;_animation&quot;:&quot;none&quot;}\" data-widget_type=\"text-editor.default\">\n\t\t\t\t<div class=\"elementor-widget-container\">\n\t\t\t\t\t\t\t\t\t<h2>Januar 2026<\/h2>\t\t\t\t\t\t\t\t<\/div>\n\t\t\t\t<\/div>\n\t\t\t\t\t<\/div>\n\t\t<\/div>\n\t\t\t\t\t<\/div>\n\t\t<\/section>\n\t\t\t\t<section class=\"elementor-section elementor-inner-section elementor-element elementor-element-50ec9fb elementor-section-boxed elementor-section-height-default elementor-section-height-default\" data-id=\"50ec9fb\" data-element_type=\"section\" data-e-type=\"section\">\n\t\t\t\t\t\t<div class=\"elementor-container elementor-column-gap-default\">\n\t\t\t\t\t<div class=\"elementor-column elementor-col-100 elementor-inner-column elementor-element elementor-element-ca7a036\" data-id=\"ca7a036\" data-element_type=\"column\" data-e-type=\"column\">\n\t\t\t<div class=\"elementor-widget-wrap elementor-element-populated\">\n\t\t\t\t\t\t<div class=\"elementor-element elementor-element-54e5425 elementor-widget elementor-widget-text-editor\" data-id=\"54e5425\" data-element_type=\"widget\" data-e-type=\"widget\" data-widget_type=\"text-editor.default\">\n\t\t\t\t<div class=\"elementor-widget-container\">\n\t\t\t\t\t\t\t\t\t<p><b>Wir w\u00fcnschen Ihnen einen guten Start in das neue Jahr und freuen uns auf Ihren Besuch bei uns!<br \/><\/b><\/p><p><b>02. Januar bis 06. Januar &#8211; Wir machen eine kleine Verschnaufpause!<\/b><\/p><p>Ab Mittwoch, den 07.01. sind wir wieder zu unseren regul\u00e4ren \u00d6ffnungszeiten f\u00fcr Sie da!<\/p><p>&#8230;&#8230;&#8230;&#8230;&#8230;&#8230;&#8230;&#8230;&#8230;&#8230;.<\/p><p>Am <strong>Donnerstag, den 29. Januar 2026 hat unser Restaurant aufgrund der Messe in N\u00fcrnberg ge\u00f6ffnet<\/strong>.\u00a0<\/p><p>Reservieren Sie gerne Ihren Platz!<\/p>\t\t\t\t\t\t\t\t<\/div>\n\t\t\t\t<\/div>\n\t\t\t\t\t<\/div>\n\t\t<\/div>\n\t\t\t\t\t<\/div>\n\t\t<\/section>\n\t\t\t\t\t<\/div>\n\t\t<\/div>\n\t\t\t\t\t<\/div>\n\t\t<\/section>\n\t\t\t\t<section class=\"elementor-section elementor-top-section elementor-element elementor-element-cc6be39 elementor-hidden-desktop elementor-hidden-tablet elementor-hidden-mobile elementor-section-boxed elementor-section-height-default elementor-section-height-default\" data-id=\"cc6be39\" data-element_type=\"section\" data-e-type=\"section\">\n\t\t\t\t\t\t<div class=\"elementor-container elementor-column-gap-default\">\n\t\t\t\t\t<div class=\"elementor-column elementor-col-100 elementor-top-column elementor-element elementor-element-c6cfb63\" data-id=\"c6cfb63\" data-element_type=\"column\" data-e-type=\"column\">\n\t\t\t<div class=\"elementor-widget-wrap elementor-element-populated\">\n\t\t\t\t\t\t<section class=\"elementor-section elementor-inner-section elementor-element elementor-element-8f9f3d4 elementor-section-boxed elementor-section-height-default elementor-section-height-default\" data-id=\"8f9f3d4\" data-element_type=\"section\" data-e-type=\"section\" data-settings=\"{&quot;background_background&quot;:&quot;classic&quot;}\">\n\t\t\t\t\t\t<div class=\"elementor-container elementor-column-gap-default\">\n\t\t\t\t\t<div class=\"elementor-column elementor-col-100 elementor-inner-column elementor-element elementor-element-6076576\" data-id=\"6076576\" data-element_type=\"column\" data-e-type=\"column\">\n\t\t\t<div class=\"elementor-widget-wrap elementor-element-populated\">\n\t\t\t\t\t\t<div class=\"elementor-element elementor-element-e73c0cb elementor-widget elementor-widget-text-editor\" data-id=\"e73c0cb\" data-element_type=\"widget\" data-e-type=\"widget\" data-settings=\"{&quot;_animation&quot;:&quot;none&quot;}\" data-widget_type=\"text-editor.default\">\n\t\t\t\t<div class=\"elementor-widget-container\">\n\t\t\t\t\t\t\t\t\t<h2>Februar 2026<\/h2>\t\t\t\t\t\t\t\t<\/div>\n\t\t\t\t<\/div>\n\t\t\t\t\t<\/div>\n\t\t<\/div>\n\t\t\t\t\t<\/div>\n\t\t<\/section>\n\t\t\t\t<div class=\"elementor-element elementor-element-73d68ff elementor-widget elementor-widget-text-editor\" data-id=\"73d68ff\" data-element_type=\"widget\" data-e-type=\"widget\" data-widget_type=\"text-editor.default\">\n\t\t\t\t<div class=\"elementor-widget-container\">\n\t\t\t\t\t\t\t\t\t<p><b>Wir verabschieden uns in die n\u00e4rrische Zeit<\/b><\/p><p><b>Vom 16. Februar bis einschlie\u00dflich 22. Februar &#8211; Wir machen eine kleine Verschnaufpause!<\/b><\/p><p>Ab Montag, den 23.02. sind wir wieder zu unseren regul\u00e4ren \u00d6ffnungszeiten f\u00fcr Sie da!<\/p><p>&#8230;&#8230;&#8230;&#8230;&#8230;&#8230;&#8230;&#8230;&#8230;&#8230;.<\/p>\t\t\t\t\t\t\t\t<\/div>\n\t\t\t\t<\/div>\n\t\t\t\t\t<\/div>\n\t\t<\/div>\n\t\t\t\t\t<\/div>\n\t\t<\/section>\n\t\t\t\t<section class=\"elementor-section elementor-top-section elementor-element elementor-element-f30146a elementor-hidden-desktop elementor-hidden-tablet elementor-hidden-mobile elementor-section-boxed elementor-section-height-default elementor-section-height-default\" data-id=\"f30146a\" data-element_type=\"section\" data-e-type=\"section\">\n\t\t\t\t\t\t<div class=\"elementor-container elementor-column-gap-default\">\n\t\t\t\t\t<div class=\"elementor-column elementor-col-100 elementor-top-column elementor-element elementor-element-dd0ba2f\" data-id=\"dd0ba2f\" data-element_type=\"column\" data-e-type=\"column\">\n\t\t\t<div class=\"elementor-widget-wrap elementor-element-populated\">\n\t\t\t\t\t\t<section class=\"elementor-section elementor-inner-section elementor-element elementor-element-175a76d elementor-section-boxed elementor-section-height-default elementor-section-height-default\" data-id=\"175a76d\" data-element_type=\"section\" data-e-type=\"section\" data-settings=\"{&quot;background_background&quot;:&quot;classic&quot;}\">\n\t\t\t\t\t\t<div class=\"elementor-container elementor-column-gap-default\">\n\t\t\t\t\t<div class=\"elementor-column elementor-col-100 elementor-inner-column elementor-element elementor-element-bd9614a\" data-id=\"bd9614a\" data-element_type=\"column\" data-e-type=\"column\">\n\t\t\t<div class=\"elementor-widget-wrap elementor-element-populated\">\n\t\t\t\t\t\t<div class=\"elementor-element elementor-element-3671e54 elementor-widget elementor-widget-text-editor\" data-id=\"3671e54\" data-element_type=\"widget\" data-e-type=\"widget\" data-settings=\"{&quot;_animation&quot;:&quot;none&quot;}\" data-widget_type=\"text-editor.default\">\n\t\t\t\t<div class=\"elementor-widget-container\">\n\t\t\t\t\t\t\t\t\t<h2>M\u00e4rz 2026<\/h2>\t\t\t\t\t\t\t\t<\/div>\n\t\t\t\t<\/div>\n\t\t\t\t\t<\/div>\n\t\t<\/div>\n\t\t\t\t\t<\/div>\n\t\t<\/section>\n\t\t\t\t<div class=\"elementor-element elementor-element-d08c090 elementor-widget elementor-widget-text-editor\" data-id=\"d08c090\" data-element_type=\"widget\" data-e-type=\"widget\" data-widget_type=\"text-editor.default\">\n\t\t\t\t<div class=\"elementor-widget-container\">\n\t\t\t\t\t\t\t\t\t<p><b>Am Sonntag, den 15. M\u00e4rz hat unser Restaurant nur mittags ge\u00f6ffnet! <\/b><\/p><p>Gerne k\u00f6nnen Sie hier noch Pl\u00e4tze reservieren!\u00a0<\/p><p><b>Wir g\u00f6nnen wir unseren Mitarbeitern am Abend eine kleine Sonntagsverschnaufpause und schlie\u00dfen Unser Restuaurant am Abend.\u00a0<\/b><\/p><p>&#8230;&#8230;&#8230;&#8230;&#8230;&#8230;&#8230;&#8230;&#8230;&#8230;.<\/p>\t\t\t\t\t\t\t\t<\/div>\n\t\t\t\t<\/div>\n\t\t\t\t<div class=\"elementor-element elementor-element-f90945a elementor-widget elementor-widget-spacer\" data-id=\"f90945a\" data-element_type=\"widget\" data-e-type=\"widget\" data-widget_type=\"spacer.default\">\n\t\t\t\t<div class=\"elementor-widget-container\">\n\t\t\t\t\t\t\t<div class=\"elementor-spacer\">\n\t\t\t<div class=\"elementor-spacer-inner\"><\/div>\n\t\t<\/div>\n\t\t\t\t\t\t<\/div>\n\t\t\t\t<\/div>\n\t\t\t\t\t<\/div>\n\t\t<\/div>\n\t\t\t\t\t<\/div>\n\t\t<\/section>\n\t\t\t\t<\/div>","protected":false},"excerpt":{"rendered":"<p>Unsere \u00d6ffnungszeiten und K\u00fcchenzeiten f\u00fcr Sie im \u00dcberblick HINWEIS: Unsere \u00d6ffnungszeiten k\u00f6nnen aufgrund von Feiertagen, Urlauben oder Schlie\u00dftagen abweichen. Bitte hierzu gerne unter &#8222;Aktuelles&#8220; Ihren Wunschtermin nachsehen oder bei Ihrer telefonischen Reservierung erfragen. Wir empfehlen Ihnen jeden Besuch bei uns (gerne auch kurzfristig) telefonisch vorzureservieren! Montag f\u00fcr Hausg\u00e4ste oder mit Reservierung 18-22 Uhr (K\u00fcche bis [&hellip;]<\/p>\n","protected":false},"author":1,"featured_media":0,"parent":0,"menu_order":0,"comment_status":"closed","ping_status":"closed","template":"","meta":{"footnotes":""},"class_list":["post-2728","page","type-page","status-publish","hentry"],"yoast_head":"<!-- This site is optimized with the Yoast SEO plugin v27.4 - https:\/\/yoast.com\/product\/yoast-seo-wordpress\/ -->\n<title>Aktuelles - Landgasthof Weisses Lamm<\/title>\n<meta name=\"description\" content=\"Lesen Sie hier alles Aktuelle zu Terminen, Feiertagen und Festlichkeiten in unserem Restaurant. Bleiben Sie informiert!\" \/>\n<meta name=\"robots\" content=\"index, follow, max-snippet:-1, max-image-preview:large, max-video-preview:-1\" \/>\n<link rel=\"canonical\" href=\"https:\/\/www.hotel-weisseslamm.de\/en\/aktuelles\/\" \/>\n<meta property=\"og:locale\" content=\"en_GB\" \/>\n<meta property=\"og:type\" content=\"article\" \/>\n<meta property=\"og:title\" content=\"Aktuelles - Landgasthof Weisses Lamm\" \/>\n<meta property=\"og:description\" content=\"Lesen Sie hier alles Aktuelle zu Terminen, Feiertagen und Festlichkeiten in unserem Restaurant. Bleiben Sie informiert!\" \/>\n<meta property=\"og:url\" content=\"https:\/\/www.hotel-weisseslamm.de\/en\/aktuelles\/\" \/>\n<meta property=\"og:site_name\" content=\"Landgasthof Weisses Lamm\" \/>\n<meta property=\"article:modified_time\" content=\"2026-04-22T09:54:42+00:00\" \/>\n<meta name=\"twitter:card\" content=\"summary_large_image\" \/>\n<meta name=\"twitter:label1\" content=\"Estimated reading time\" \/>\n\t<meta name=\"twitter:data1\" content=\"10 minutes\" \/>\n<script type=\"application\/ld+json\" class=\"yoast-schema-graph\">{\"@context\":\"https:\\\/\\\/schema.org\",\"@graph\":[{\"@type\":\"WebPage\",\"@id\":\"https:\\\/\\\/www.hotel-weisseslamm.de\\\/aktuelles\\\/\",\"url\":\"https:\\\/\\\/www.hotel-weisseslamm.de\\\/aktuelles\\\/\",\"name\":\"Aktuelles - Landgasthof Weisses Lamm\",\"isPartOf\":{\"@id\":\"https:\\\/\\\/www.hotel-weisseslamm.de\\\/#website\"},\"datePublished\":\"2023-02-02T09:58:48+00:00\",\"dateModified\":\"2026-04-22T09:54:42+00:00\",\"description\":\"Lesen Sie hier alles Aktuelle zu Terminen, Feiertagen und Festlichkeiten in unserem Restaurant. Bleiben Sie informiert!\",\"breadcrumb\":{\"@id\":\"https:\\\/\\\/www.hotel-weisseslamm.de\\\/aktuelles\\\/#breadcrumb\"},\"inLanguage\":\"en-GB\",\"potentialAction\":[{\"@type\":\"ReadAction\",\"target\":[\"https:\\\/\\\/www.hotel-weisseslamm.de\\\/aktuelles\\\/\"]}]},{\"@type\":\"BreadcrumbList\",\"@id\":\"https:\\\/\\\/www.hotel-weisseslamm.de\\\/aktuelles\\\/#breadcrumb\",\"itemListElement\":[{\"@type\":\"ListItem\",\"position\":1,\"name\":\"Startseite\",\"item\":\"https:\\\/\\\/www.hotel-weisseslamm.de\\\/\"},{\"@type\":\"ListItem\",\"position\":2,\"name\":\"Aktuelles\"}]},{\"@type\":\"WebSite\",\"@id\":\"https:\\\/\\\/www.hotel-weisseslamm.de\\\/#website\",\"url\":\"https:\\\/\\\/www.hotel-weisseslamm.de\\\/\",\"name\":\"Landgasthof Weisses Lamm\",\"description\":\"Fr\u00e4nkischer Landgasthof mit Tradition im Nuernberger Land\",\"publisher\":{\"@id\":\"https:\\\/\\\/www.hotel-weisseslamm.de\\\/#organization\"},\"potentialAction\":[{\"@type\":\"SearchAction\",\"target\":{\"@type\":\"EntryPoint\",\"urlTemplate\":\"https:\\\/\\\/www.hotel-weisseslamm.de\\\/?s={search_term_string}\"},\"query-input\":{\"@type\":\"PropertyValueSpecification\",\"valueRequired\":true,\"valueName\":\"search_term_string\"}}],\"inLanguage\":\"en-GB\"},{\"@type\":\"Organization\",\"@id\":\"https:\\\/\\\/www.hotel-weisseslamm.de\\\/#organization\",\"name\":\"Landgasthof Weisses Lamm\",\"url\":\"https:\\\/\\\/www.hotel-weisseslamm.de\\\/\",\"logo\":{\"@type\":\"ImageObject\",\"inLanguage\":\"en-GB\",\"@id\":\"https:\\\/\\\/www.hotel-weisseslamm.de\\\/#\\\/schema\\\/logo\\\/image\\\/\",\"url\":\"https:\\\/\\\/www.hotel-weisseslamm.de\\\/wp-content\\\/uploads\\\/2022\\\/09\\\/site-logo3.png\",\"contentUrl\":\"https:\\\/\\\/www.hotel-weisseslamm.de\\\/wp-content\\\/uploads\\\/2022\\\/09\\\/site-logo3.png\",\"width\":895,\"height\":186,\"caption\":\"Landgasthof Weisses Lamm\"},\"image\":{\"@id\":\"https:\\\/\\\/www.hotel-weisseslamm.de\\\/#\\\/schema\\\/logo\\\/image\\\/\"}}]}<\/script>\n<!-- \/ Yoast SEO plugin. -->","yoast_head_json":{"title":"Aktuelles - Landgasthof Weisses Lamm","description":"Lesen Sie hier alles Aktuelle zu Terminen, Feiertagen und Festlichkeiten in unserem Restaurant. Bleiben Sie informiert!","robots":{"index":"index","follow":"follow","max-snippet":"max-snippet:-1","max-image-preview":"max-image-preview:large","max-video-preview":"max-video-preview:-1"},"canonical":"https:\/\/www.hotel-weisseslamm.de\/en\/aktuelles\/","og_locale":"en_GB","og_type":"article","og_title":"Aktuelles - Landgasthof Weisses Lamm","og_description":"Lesen Sie hier alles Aktuelle zu Terminen, Feiertagen und Festlichkeiten in unserem Restaurant. Bleiben Sie informiert!","og_url":"https:\/\/www.hotel-weisseslamm.de\/en\/aktuelles\/","og_site_name":"Landgasthof Weisses Lamm","article_modified_time":"2026-04-22T09:54:42+00:00","twitter_card":"summary_large_image","twitter_misc":{"Estimated reading time":"10 minutes"},"schema":{"@context":"https:\/\/schema.org","@graph":[{"@type":"WebPage","@id":"https:\/\/www.hotel-weisseslamm.de\/aktuelles\/","url":"https:\/\/www.hotel-weisseslamm.de\/aktuelles\/","name":"Aktuelles - Landgasthof Weisses Lamm","isPartOf":{"@id":"https:\/\/www.hotel-weisseslamm.de\/#website"},"datePublished":"2023-02-02T09:58:48+00:00","dateModified":"2026-04-22T09:54:42+00:00","description":"Lesen Sie hier alles Aktuelle zu Terminen, Feiertagen und Festlichkeiten in unserem Restaurant. Bleiben Sie informiert!","breadcrumb":{"@id":"https:\/\/www.hotel-weisseslamm.de\/aktuelles\/#breadcrumb"},"inLanguage":"en-GB","potentialAction":[{"@type":"ReadAction","target":["https:\/\/www.hotel-weisseslamm.de\/aktuelles\/"]}]},{"@type":"BreadcrumbList","@id":"https:\/\/www.hotel-weisseslamm.de\/aktuelles\/#breadcrumb","itemListElement":[{"@type":"ListItem","position":1,"name":"Startseite","item":"https:\/\/www.hotel-weisseslamm.de\/"},{"@type":"ListItem","position":2,"name":"Aktuelles"}]},{"@type":"WebSite","@id":"https:\/\/www.hotel-weisseslamm.de\/#website","url":"https:\/\/www.hotel-weisseslamm.de\/","name":"Landgasthof Weisses Lamm","description":"Fr\u00e4nkischer Landgasthof mit Tradition im Nuernberger Land","publisher":{"@id":"https:\/\/www.hotel-weisseslamm.de\/#organization"},"potentialAction":[{"@type":"SearchAction","target":{"@type":"EntryPoint","urlTemplate":"https:\/\/www.hotel-weisseslamm.de\/?s={search_term_string}"},"query-input":{"@type":"PropertyValueSpecification","valueRequired":true,"valueName":"search_term_string"}}],"inLanguage":"en-GB"},{"@type":"Organization","@id":"https:\/\/www.hotel-weisseslamm.de\/#organization","name":"Landgasthof Weisses Lamm","url":"https:\/\/www.hotel-weisseslamm.de\/","logo":{"@type":"ImageObject","inLanguage":"en-GB","@id":"https:\/\/www.hotel-weisseslamm.de\/#\/schema\/logo\/image\/","url":"https:\/\/www.hotel-weisseslamm.de\/wp-content\/uploads\/2022\/09\/site-logo3.png","contentUrl":"https:\/\/www.hotel-weisseslamm.de\/wp-content\/uploads\/2022\/09\/site-logo3.png","width":895,"height":186,"caption":"Landgasthof Weisses Lamm"},"image":{"@id":"https:\/\/www.hotel-weisseslamm.de\/#\/schema\/logo\/image\/"}}]}},"_links":{"self":[{"href":"https:\/\/www.hotel-weisseslamm.de\/en\/wp-json\/wp\/v2\/pages\/2728","targetHints":{"allow":["GET"]}}],"collection":[{"href":"https:\/\/www.hotel-weisseslamm.de\/en\/wp-json\/wp\/v2\/pages"}],"about":[{"href":"https:\/\/www.hotel-weisseslamm.de\/en\/wp-json\/wp\/v2\/types\/page"}],"author":[{"embeddable":true,"href":"https:\/\/www.hotel-weisseslamm.de\/en\/wp-json\/wp\/v2\/users\/1"}],"replies":[{"embeddable":true,"href":"https:\/\/www.hotel-weisseslamm.de\/en\/wp-json\/wp\/v2\/comments?post=2728"}],"version-history":[{"count":545,"href":"https:\/\/www.hotel-weisseslamm.de\/en\/wp-json\/wp\/v2\/pages\/2728\/revisions"}],"predecessor-version":[{"id":5200,"href":"https:\/\/www.hotel-weisseslamm.de\/en\/wp-json\/wp\/v2\/pages\/2728\/revisions\/5200"}],"wp:attachment":[{"href":"https:\/\/www.hotel-weisseslamm.de\/en\/wp-json\/wp\/v2\/media?parent=2728"}],"curies":[{"name":"wp","href":"https:\/\/api.w.org\/{rel}","templated":true}]}}